{"id":866,"date":"2023-07-22T16:40:17","date_gmt":"2023-07-22T16:40:17","guid":{"rendered":"https:\/\/ligadosantorosario.com\/?page_id=866"},"modified":"2024-01-04T14:42:23","modified_gmt":"2024-01-04T14:42:23","slug":"campanhas","status":"publish","type":"page","link":"https:\/\/ligadosantorosario.com\/?page_id=866","title":{"rendered":"Fatos e fotos"},"content":{"rendered":"\t\t<div data-elementor-type=\"wp-page\" data-elementor-id=\"866\" class=\"elementor elementor-866\" data-elementor-post-type=\"page\">\n\t\t\t\t\t\t<section class=\"elementor-section elementor-top-section elementor-element elementor-element-2576088 elementor-section-boxed elementor-section-height-default elementor-section-height-default\" data-id=\"2576088\" data-element_type=\"section\">\n\t\t\t\t\t\t<div class=\"elementor-container elementor-column-gap-default\">\n\t\t\t\t\t<div class=\"elementor-column elementor-col-100 elementor-top-column elementor-element elementor-element-f5c899c\" data-id=\"f5c899c\" data-element_type=\"column\">\n\t\t\t<div class=\"elementor-widget-wrap elementor-element-populated\">\n\t\t\t\t\t\t<div class=\"elementor-element elementor-element-01ef850 elementor-widget elementor-widget-text-editor\" data-id=\"01ef850\" data-element_type=\"widget\" data-widget_type=\"text-editor.default\">\n\t\t\t\t<div class=\"elementor-widget-container\">\n\t\t\t<style>\/*! elementor - v3.23.0 - 05-08-2024 *\/\n.elementor-widget-text-editor.elementor-drop-cap-view-stacked .elementor-drop-cap{background-color:#69727d;color:#fff}.elementor-widget-text-editor.elementor-drop-cap-view-framed .elementor-drop-cap{color:#69727d;border:3px solid;background-color:transparent}.elementor-widget-text-editor:not(.elementor-drop-cap-view-default) .elementor-drop-cap{margin-top:8px}.elementor-widget-text-editor:not(.elementor-drop-cap-view-default) .elementor-drop-cap-letter{width:1em;height:1em}.elementor-widget-text-editor .elementor-drop-cap{float:left;text-align:center;line-height:1;font-size:50px}.elementor-widget-text-editor .elementor-drop-cap-letter{display:inline-block}<\/style>\t\t\t\t<p style=\"margin-bottom: 18.0pt;\"><span style=\"font-size: 13.5pt; font-family: Lora; color: #726b60;\">Com o intuito de desagravar o Sagrado Cora\u00e7\u00e3o de Jesus e Imaculado Cora\u00e7\u00e3o de Maria, promovemos campanhas ao longo do ano em que convidamos os cat\u00f3licos a participarem ativamente conosco.<\/span><\/p>\t\t\t\t\t\t<\/div>\n\t\t\t\t<\/div>\n\t\t\t\t\t<\/div>\n\t\t<\/div>\n\t\t\t\t\t<\/div>\n\t\t<\/section>\n\t\t\t\t<section class=\"elementor-section elementor-top-section elementor-element elementor-element-0c6877b elementor-section-boxed elementor-section-height-default elementor-section-height-default\" data-id=\"0c6877b\" data-element_type=\"section\">\n\t\t\t\t\t\t<div class=\"elementor-container elementor-column-gap-default\">\n\t\t\t\t\t<div class=\"elementor-column elementor-col-50 elementor-top-column elementor-element elementor-element-b8d32e5\" data-id=\"b8d32e5\" data-element_type=\"column\">\n\t\t\t<div class=\"elementor-widget-wrap elementor-element-populated\">\n\t\t\t\t\t\t<div class=\"elementor-element elementor-element-a287ad8 ekit-equal-height-disable elementor-widget elementor-widget-elementskit-image-box\" data-id=\"a287ad8\" data-element_type=\"widget\" data-widget_type=\"elementskit-image-box.default\">\n\t\t\t\t<div class=\"elementor-widget-container\">\n\t\t\t<div class=\"ekit-wid-con\" >\n            <div class=\"elementskit-info-image-box ekit-image-box text-center style-modern\" >\n\n                <a href=\"https:\/\/ligadosantorosario.com\/?p=3957\">\n                <div class=\"elementskit-box-header image-box-img-center\">\n\n                    <img fetchpriority=\"high\" decoding=\"async\" width=\"768\" height=\"1024\" src=\"https:\/\/ligadosantorosario.com\/wp-content\/uploads\/WhatsApp-Image-2023-12-19-at-12.12.01-1-1-768x1024.jpeg\" class=\"attachment-medium_large size-medium_large wp-image-3909\" alt=\"\" srcset=\"https:\/\/ligadosantorosario.com\/wp-content\/uploads\/WhatsApp-Image-2023-12-19-at-12.12.01-1-1-768x1024.jpeg 768w, https:\/\/ligadosantorosario.com\/wp-content\/uploads\/WhatsApp-Image-2023-12-19-at-12.12.01-1-1-225x300.jpeg 225w, https:\/\/ligadosantorosario.com\/wp-content\/uploads\/WhatsApp-Image-2023-12-19-at-12.12.01-1-1-1152x1536.jpeg 1152w, https:\/\/ligadosantorosario.com\/wp-content\/uploads\/WhatsApp-Image-2023-12-19-at-12.12.01-1-1.jpeg 1200w\" sizes=\"(max-width: 768px) 100vw, 768px\" \/>\n                <\/div>\n                <\/a>\n                <div class=\"elementskit-box-body ekit-image-box-body\">\n                    <div class=\"elementskit-box-content ekit-image-box-body-inner\">\n                                                <h3 class=\"elementskit-info-box-title\">\n\n                        Ceia de natal dos Correspondentes em S\u00e3o Paulo\n                        \n                    <\/h3>\n                                                        <\/div>\n\n                            <\/div>\n            <\/div>\n    <\/div>\t\t<\/div>\n\t\t\t\t<\/div>\n\t\t\t\t\t<\/div>\n\t\t<\/div>\n\t\t\t\t<div class=\"elementor-column elementor-col-50 elementor-top-column elementor-element elementor-element-d80640f\" data-id=\"d80640f\" data-element_type=\"column\">\n\t\t\t<div class=\"elementor-widget-wrap elementor-element-populated\">\n\t\t\t\t\t\t<div class=\"elementor-element elementor-element-a3b9a42 ekit-equal-height-enable elementor-widget elementor-widget-elementskit-image-box\" data-id=\"a3b9a42\" data-element_type=\"widget\" data-widget_type=\"elementskit-image-box.default\">\n\t\t\t\t<div class=\"elementor-widget-container\">\n\t\t\t<div class=\"ekit-wid-con\" >\n            <div class=\"elementskit-info-image-box ekit-image-box text-center style-modern\" >\n\n                <a href=\"https:\/\/ligadosantorosario.com\/?p=3972\">\n                <div class=\"elementskit-box-header image-box-img-center\">\n\n                    <img decoding=\"async\" width=\"768\" height=\"1024\" src=\"https:\/\/ligadosantorosario.com\/wp-content\/uploads\/WhatsApp-Image-2023-12-27-at-08.25.55-1-768x1024.jpeg\" class=\"attachment-medium_large size-medium_large wp-image-3956\" alt=\"\" srcset=\"https:\/\/ligadosantorosario.com\/wp-content\/uploads\/WhatsApp-Image-2023-12-27-at-08.25.55-1-768x1024.jpeg 768w, https:\/\/ligadosantorosario.com\/wp-content\/uploads\/WhatsApp-Image-2023-12-27-at-08.25.55-1-225x300.jpeg 225w, https:\/\/ligadosantorosario.com\/wp-content\/uploads\/WhatsApp-Image-2023-12-27-at-08.25.55-1-1152x1536.jpeg 1152w, https:\/\/ligadosantorosario.com\/wp-content\/uploads\/WhatsApp-Image-2023-12-27-at-08.25.55-1.jpeg 1200w\" sizes=\"(max-width: 768px) 100vw, 768px\" \/>\n                <\/div>\n                <\/a>\n                <div class=\"elementskit-box-body ekit-image-box-body\">\n                    <div class=\"elementskit-box-content ekit-image-box-body-inner\">\n                                                <h3 class=\"elementskit-info-box-title\">\n\n                        Ceia de natal dos Correspondentes em Itu\n                        \n                    <\/h3>\n                                                        <\/div>\n\n                            <\/div>\n            <\/div>\n    <\/div>\t\t<\/div>\n\t\t\t\t<\/div>\n\t\t\t\t\t<\/div>\n\t\t<\/div>\n\t\t\t\t\t<\/div>\n\t\t<\/section>\n\t\t\t\t<section class=\"elementor-section elementor-top-section elementor-element elementor-element-d602d3d elementor-section-boxed elementor-section-height-default elementor-section-height-default\" data-id=\"d602d3d\" data-element_type=\"section\">\n\t\t\t\t\t\t<div class=\"elementor-container elementor-column-gap-default\">\n\t\t\t\t\t<div class=\"elementor-column elementor-col-50 elementor-top-column elementor-element elementor-element-9d0915c\" data-id=\"9d0915c\" data-element_type=\"column\">\n\t\t\t<div class=\"elementor-widget-wrap elementor-element-populated\">\n\t\t\t\t\t\t<div class=\"elementor-element elementor-element-756f73f ekit-equal-height-disable elementor-widget elementor-widget-elementskit-image-box\" data-id=\"756f73f\" data-element_type=\"widget\" data-widget_type=\"elementskit-image-box.default\">\n\t\t\t\t<div class=\"elementor-widget-container\">\n\t\t\t<div class=\"ekit-wid-con\" >\n            <div class=\"elementskit-info-image-box ekit-image-box text-center style-modern\" >\n\n                <a href=\"https:\/\/ligadosantorosario.com\/?page_id=1028(abrir%20em%20uma%20nova%20aba)\">\n                <div class=\"elementskit-box-header image-box-img-center\">\n\n                    <img decoding=\"async\" width=\"2560\" height=\"1920\" src=\"https:\/\/ligadosantorosario.com\/wp-content\/uploads\/DSCN3205-scaled.jpg\" class=\"attachment-full size-full wp-image-1506\" alt=\"\" srcset=\"https:\/\/ligadosantorosario.com\/wp-content\/uploads\/DSCN3205-scaled.jpg 2560w, https:\/\/ligadosantorosario.com\/wp-content\/uploads\/DSCN3205-300x225.jpg 300w, https:\/\/ligadosantorosario.com\/wp-content\/uploads\/DSCN3205-1024x768.jpg 1024w, https:\/\/ligadosantorosario.com\/wp-content\/uploads\/DSCN3205-768x576.jpg 768w, https:\/\/ligadosantorosario.com\/wp-content\/uploads\/DSCN3205-1536x1152.jpg 1536w, https:\/\/ligadosantorosario.com\/wp-content\/uploads\/DSCN3205-2048x1536.jpg 2048w\" sizes=\"(max-width: 2560px) 100vw, 2560px\" \/>\n                <\/div>\n                <\/a>\n                <div class=\"elementskit-box-body ekit-image-box-body\">\n                    <div class=\"elementskit-box-content ekit-image-box-body-inner\">\n                                                <h3 class=\"elementskit-info-box-title\">\n\n                        Simp\u00f3sios regionais\n                        \n                    <\/h3>\n                                                            <div class=\"elementskit-box-style-content\">\n                        Fotos dos simp\u00f3sios regionais em que a Liga do Santo Ros\u00e1rio se fez presente                    <\/div>\n                                    <\/div>\n\n                            <\/div>\n            <\/div>\n    <\/div>\t\t<\/div>\n\t\t\t\t<\/div>\n\t\t\t\t\t<\/div>\n\t\t<\/div>\n\t\t\t\t<div class=\"elementor-column elementor-col-50 elementor-top-column elementor-element elementor-element-478b394\" data-id=\"478b394\" data-element_type=\"column\">\n\t\t\t<div class=\"elementor-widget-wrap elementor-element-populated\">\n\t\t\t\t\t\t<div class=\"elementor-element elementor-element-8e8f07a ekit-equal-height-enable elementor-widget elementor-widget-elementskit-image-box\" data-id=\"8e8f07a\" data-element_type=\"widget\" data-widget_type=\"elementskit-image-box.default\">\n\t\t\t\t<div class=\"elementor-widget-container\">\n\t\t\t<div class=\"ekit-wid-con\" >\n            <div class=\"elementskit-info-image-box ekit-image-box text-center style-modern\" >\n\n                <a href=\"https:\/\/ligadosantorosario.com\/?page_id=810(abrir%20em%20uma%20nova%20aba)\">\n                <div class=\"elementskit-box-header image-box-img-center\">\n\n                    <img loading=\"lazy\" decoding=\"async\" width=\"1600\" height=\"1200\" src=\"https:\/\/ligadosantorosario.com\/wp-content\/uploads\/4d32b456-5d49-4c24-9441-c6ef23081310.jpeg\" class=\"attachment-full size-full wp-image-843\" alt=\"\" srcset=\"https:\/\/ligadosantorosario.com\/wp-content\/uploads\/4d32b456-5d49-4c24-9441-c6ef23081310.jpeg 1600w, https:\/\/ligadosantorosario.com\/wp-content\/uploads\/4d32b456-5d49-4c24-9441-c6ef23081310-300x225.jpeg 300w, https:\/\/ligadosantorosario.com\/wp-content\/uploads\/4d32b456-5d49-4c24-9441-c6ef23081310-1024x768.jpeg 1024w, https:\/\/ligadosantorosario.com\/wp-content\/uploads\/4d32b456-5d49-4c24-9441-c6ef23081310-768x576.jpeg 768w, https:\/\/ligadosantorosario.com\/wp-content\/uploads\/4d32b456-5d49-4c24-9441-c6ef23081310-1536x1152.jpeg 1536w\" sizes=\"(max-width: 1600px) 100vw, 1600px\" \/>\n                <\/div>\n                <\/a>\n                <div class=\"elementskit-box-body ekit-image-box-body\">\n                    <div class=\"elementskit-box-content ekit-image-box-body-inner\">\n                                                <h3 class=\"elementskit-info-box-title\">\n\n                        Simp\u00f3sios nacionais\n                        \n                    <\/h3>\n                                                            <div class=\"elementskit-box-style-content\">\n                        Fotos dos simp\u00f3sio nacionais no qual a Liga do Santo Ros\u00e1rio participou                    <\/div>\n                                    <\/div>\n\n                            <\/div>\n            <\/div>\n    <\/div>\t\t<\/div>\n\t\t\t\t<\/div>\n\t\t\t\t\t<\/div>\n\t\t<\/div>\n\t\t\t\t\t<\/div>\n\t\t<\/section>\n\t\t\t\t<section class=\"elementor-section elementor-top-section elementor-element elementor-element-b3c75fa elementor-section-boxed elementor-section-height-default elementor-section-height-default\" data-id=\"b3c75fa\" data-element_type=\"section\">\n\t\t\t\t\t\t<div class=\"elementor-container elementor-column-gap-default\">\n\t\t\t\t\t<div class=\"elementor-column elementor-col-100 elementor-top-column elementor-element elementor-element-0bfda39\" data-id=\"0bfda39\" data-element_type=\"column\">\n\t\t\t<div class=\"elementor-widget-wrap elementor-element-populated\">\n\t\t\t\t\t\t<div class=\"elementor-element elementor-element-52343b6 elementor-widget elementor-widget-spacer\" data-id=\"52343b6\" data-element_type=\"widget\" data-widget_type=\"spacer.default\">\n\t\t\t\t<div class=\"elementor-widget-container\">\n\t\t\t<style>\/*! elementor - v3.23.0 - 05-08-2024 *\/\n.elementor-column .elementor-spacer-inner{height:var(--spacer-size)}.e-con{--container-widget-width:100%}.e-con-inner>.elementor-widget-spacer,.e-con>.elementor-widget-spacer{width:var(--container-widget-width,var(--spacer-size));--align-self:var(--container-widget-align-self,initial);--flex-shrink:0}.e-con-inner>.elementor-widget-spacer>.elementor-widget-container,.e-con>.elementor-widget-spacer>.elementor-widget-container{height:100%;width:100%}.e-con-inner>.elementor-widget-spacer>.elementor-widget-container>.elementor-spacer,.e-con>.elementor-widget-spacer>.elementor-widget-container>.elementor-spacer{height:100%}.e-con-inner>.elementor-widget-spacer>.elementor-widget-container>.elementor-spacer>.elementor-spacer-inner,.e-con>.elementor-widget-spacer>.elementor-widget-container>.elementor-spacer>.elementor-spacer-inner{height:var(--container-widget-height,var(--spacer-size))}.e-con-inner>.elementor-widget-spacer.elementor-widget-empty,.e-con>.elementor-widget-spacer.elementor-widget-empty{position:relative;min-height:22px;min-width:22px}.e-con-inner>.elementor-widget-spacer.elementor-widget-empty .elementor-widget-empty-icon,.e-con>.elementor-widget-spacer.elementor-widget-empty .elementor-widget-empty-icon{position:absolute;top:0;bottom:0;left:0;right:0;margin:auto;padding:0;width:22px;height:22px}<\/style>\t\t<div class=\"elementor-spacer\">\n\t\t\t<div class=\"elementor-spacer-inner\"><\/div>\n\t\t<\/div>\n\t\t\t\t<\/div>\n\t\t\t\t<\/div>\n\t\t\t\t\t<\/div>\n\t\t<\/div>\n\t\t\t\t\t<\/div>\n\t\t<\/section>\n\t\t\t\t<section class=\"elementor-section elementor-top-section elementor-element elementor-element-414fabb elementor-section-boxed elementor-section-height-default elementor-section-height-default\" data-id=\"414fabb\" data-element_type=\"section\">\n\t\t\t\t\t\t<div class=\"elementor-container elementor-column-gap-default\">\n\t\t\t\t\t<div class=\"elementor-column elementor-col-50 elementor-top-column elementor-element elementor-element-db08ffa\" data-id=\"db08ffa\" data-element_type=\"column\">\n\t\t\t<div class=\"elementor-widget-wrap elementor-element-populated\">\n\t\t\t\t\t\t<div class=\"elementor-element elementor-element-5a3e7f0 ekit-equal-height-enable elementor-widget elementor-widget-elementskit-image-box\" data-id=\"5a3e7f0\" data-element_type=\"widget\" data-widget_type=\"elementskit-image-box.default\">\n\t\t\t\t<div class=\"elementor-widget-container\">\n\t\t\t<div class=\"ekit-wid-con\" >\n            <div class=\"elementskit-info-image-box ekit-image-box text-center style-modern\" >\n\n                <a href=\"https:\/\/ligadosantorosario.com\/?page_id=1104\">\n                <div class=\"elementskit-box-header image-box-img-center\">\n\n                    <img loading=\"lazy\" decoding=\"async\" width=\"300\" height=\"214\" src=\"https:\/\/ligadosantorosario.com\/wp-content\/uploads\/Cruzada-300x214.png\" class=\"attachment-medium size-medium wp-image-557\" alt=\"\" srcset=\"https:\/\/ligadosantorosario.com\/wp-content\/uploads\/Cruzada-300x214.png 300w, https:\/\/ligadosantorosario.com\/wp-content\/uploads\/Cruzada.png 458w\" sizes=\"(max-width: 300px) 100vw, 300px\" \/>\n                <\/div>\n                <\/a>\n                <div class=\"elementskit-box-body ekit-image-box-body\">\n                    <div class=\"elementskit-box-content ekit-image-box-body-inner\">\n                                                <h3 class=\"elementskit-info-box-title\">\n\n                        Fotos\n                        \n                    <\/h3>\n                                                            <div class=\"elementskit-box-style-content\">\n                        Fotos dos ter\u00e7os recitados em diversas cidades do Brasil.                    <\/div>\n                                    <\/div>\n\n                            <\/div>\n            <\/div>\n    <\/div>\t\t<\/div>\n\t\t\t\t<\/div>\n\t\t\t\t\t<\/div>\n\t\t<\/div>\n\t\t\t\t<div class=\"elementor-column elementor-col-50 elementor-top-column elementor-element elementor-element-20ba17c\" data-id=\"20ba17c\" data-element_type=\"column\">\n\t\t\t<div class=\"elementor-widget-wrap elementor-element-populated\">\n\t\t\t\t\t\t<div class=\"elementor-element elementor-element-869ac75 ekit-equal-height-enable elementor-widget elementor-widget-elementskit-image-box\" data-id=\"869ac75\" data-element_type=\"widget\" data-widget_type=\"elementskit-image-box.default\">\n\t\t\t\t<div class=\"elementor-widget-container\">\n\t\t\t<div class=\"ekit-wid-con\" >\n            <div class=\"elementskit-info-image-box ekit-image-box text-center style-modern\" >\n\n                <a href=\"https:\/\/ligadosantorosario.com\/?p=885\">\n                <div class=\"elementskit-box-header image-box-img-center\">\n\n                    <img loading=\"lazy\" decoding=\"async\" width=\"225\" height=\"300\" src=\"https:\/\/ligadosantorosario.com\/wp-content\/uploads\/20230701_165111-225x300.jpg\" class=\"attachment-medium size-medium wp-image-1114\" alt=\"\" srcset=\"https:\/\/ligadosantorosario.com\/wp-content\/uploads\/20230701_165111-225x300.jpg 225w, https:\/\/ligadosantorosario.com\/wp-content\/uploads\/20230701_165111-768x1024.jpg 768w, https:\/\/ligadosantorosario.com\/wp-content\/uploads\/20230701_165111-1152x1536.jpg 1152w, https:\/\/ligadosantorosario.com\/wp-content\/uploads\/20230701_165111-1536x2048.jpg 1536w, https:\/\/ligadosantorosario.com\/wp-content\/uploads\/20230701_165111-scaled.jpg 1920w\" sizes=\"(max-width: 225px) 100vw, 225px\" \/>\n                <\/div>\n                <\/a>\n                <div class=\"elementskit-box-body ekit-image-box-body\">\n                    <div class=\"elementskit-box-content ekit-image-box-body-inner\">\n                                                <h3 class=\"elementskit-info-box-title\">\n\n                        Fotos dia 13 de maio\n                        \n                    <\/h3>\n                                                            <div class=\"elementskit-box-style-content\">\n                        Fotos do ter\u00e7o p\u00fablico recitado no dia 13 de maio                     <\/div>\n                                    <\/div>\n\n                            <\/div>\n            <\/div>\n    <\/div>\t\t<\/div>\n\t\t\t\t<\/div>\n\t\t\t\t\t<\/div>\n\t\t<\/div>\n\t\t\t\t\t<\/div>\n\t\t<\/section>\n\t\t\t\t<section class=\"elementor-section elementor-top-section elementor-element elementor-element-b3456a6 elementor-section-boxed elementor-section-height-default elementor-section-height-default\" data-id=\"b3456a6\" data-element_type=\"section\">\n\t\t\t\t\t\t<div class=\"elementor-container elementor-column-gap-default\">\n\t\t\t\t\t<div class=\"elementor-column elementor-col-100 elementor-top-column elementor-element elementor-element-850b993\" data-id=\"850b993\" data-element_type=\"column\">\n\t\t\t<div class=\"elementor-widget-wrap elementor-element-populated\">\n\t\t\t\t\t\t<div class=\"elementor-element elementor-element-cb29643 elementor-widget elementor-widget-spacer\" data-id=\"cb29643\" data-element_type=\"widget\" data-widget_type=\"spacer.default\">\n\t\t\t\t<div class=\"elementor-widget-container\">\n\t\t\t\t\t<div class=\"elementor-spacer\">\n\t\t\t<div class=\"elementor-spacer-inner\"><\/div>\n\t\t<\/div>\n\t\t\t\t<\/div>\n\t\t\t\t<\/div>\n\t\t\t\t\t<\/div>\n\t\t<\/div>\n\t\t\t\t\t<\/div>\n\t\t<\/section>\n\t\t\t\t<section class=\"elementor-section elementor-top-section elementor-element elementor-element-6814b04 elementor-section-boxed elementor-section-height-default elementor-section-height-default\" data-id=\"6814b04\" data-element_type=\"section\">\n\t\t\t\t\t\t<div class=\"elementor-container elementor-column-gap-default\">\n\t\t\t\t\t<div class=\"elementor-column elementor-col-50 elementor-top-column elementor-element elementor-element-1bd35f7\" data-id=\"1bd35f7\" data-element_type=\"column\">\n\t\t\t<div class=\"elementor-widget-wrap elementor-element-populated\">\n\t\t\t\t\t\t<div class=\"elementor-element elementor-element-353a8b2 ekit-equal-height-enable elementor-widget elementor-widget-elementskit-image-box\" data-id=\"353a8b2\" data-element_type=\"widget\" data-widget_type=\"elementskit-image-box.default\">\n\t\t\t\t<div class=\"elementor-widget-container\">\n\t\t\t<div class=\"ekit-wid-con\" >\n            <div class=\"elementskit-info-image-box ekit-image-box text-center style-modern\" >\n\n                <a href=\"https:\/\/ligadosantorosario.com\/?page_id=965\">\n                <div class=\"elementskit-box-header image-box-img-center\">\n\n                    <img loading=\"lazy\" decoding=\"async\" width=\"225\" height=\"300\" src=\"https:\/\/ligadosantorosario.com\/wp-content\/uploads\/20230608_114436-225x300.jpg\" class=\"attachment-medium size-medium wp-image-1350\" alt=\"\" srcset=\"https:\/\/ligadosantorosario.com\/wp-content\/uploads\/20230608_114436-225x300.jpg 225w, https:\/\/ligadosantorosario.com\/wp-content\/uploads\/20230608_114436-768x1024.jpg 768w, https:\/\/ligadosantorosario.com\/wp-content\/uploads\/20230608_114436-1152x1536.jpg 1152w, https:\/\/ligadosantorosario.com\/wp-content\/uploads\/20230608_114436-1536x2048.jpg 1536w, https:\/\/ligadosantorosario.com\/wp-content\/uploads\/20230608_114436-scaled.jpg 1920w\" sizes=\"(max-width: 225px) 100vw, 225px\" \/>\n                <\/div>\n                <\/a>\n                <div class=\"elementskit-box-body ekit-image-box-body\">\n                    <div class=\"elementskit-box-content ekit-image-box-body-inner\">\n                                                <h3 class=\"elementskit-info-box-title\">\n\n                        Corpus Christi\n                        \n                    <\/h3>\n                                                            <div class=\"elementskit-box-style-content\">\n                        Foto da confec\u00e7\u00e3o dos tapetes de Corpus Christi.                    <\/div>\n                                    <\/div>\n\n                            <\/div>\n            <\/div>\n    <\/div>\t\t<\/div>\n\t\t\t\t<\/div>\n\t\t\t\t\t<\/div>\n\t\t<\/div>\n\t\t\t\t<div class=\"elementor-column elementor-col-50 elementor-top-column elementor-element elementor-element-3f52deb\" data-id=\"3f52deb\" data-element_type=\"column\">\n\t\t\t<div class=\"elementor-widget-wrap elementor-element-populated\">\n\t\t\t\t\t\t<div class=\"elementor-element elementor-element-9e2fff6 ekit-equal-height-disable elementor-widget elementor-widget-elementskit-image-box\" data-id=\"9e2fff6\" data-element_type=\"widget\" data-widget_type=\"elementskit-image-box.default\">\n\t\t\t\t<div class=\"elementor-widget-container\">\n\t\t\t<div class=\"ekit-wid-con\" >\n            <div class=\"elementskit-info-image-box ekit-image-box text-center simple-card\" >\n\n                <a href=\"https:\/\/ligadosantorosario.com\/?page_id=1067\">\n                <div class=\"elementskit-box-header image-box-img-center\">\n\n                    <img loading=\"lazy\" decoding=\"async\" width=\"300\" height=\"275\" src=\"https:\/\/ligadosantorosario.com\/wp-content\/uploads\/Medalha-milagrosa-300x275.png\" class=\"attachment-medium size-medium wp-image-875\" alt=\"\" srcset=\"https:\/\/ligadosantorosario.com\/wp-content\/uploads\/Medalha-milagrosa-300x275.png 300w, https:\/\/ligadosantorosario.com\/wp-content\/uploads\/Medalha-milagrosa.png 402w\" sizes=\"(max-width: 300px) 100vw, 300px\" \/>\n                <\/div>\n                <\/a>\n                <div class=\"elementskit-box-body ekit-image-box-body\">\n                    <div class=\"elementskit-box-content ekit-image-box-body-inner\">\n                                                <h3 class=\"elementskit-info-box-title\">\n\n                        27 de Novembro\n                        \n                    <\/h3>\n                                                            <div class=\"elementskit-box-style-content\">\n                        Dia de Nossa Senhora das Gra\u00e7as. Veja fotos do ter\u00e7o p\u00fablico rezado na cidade de Jundia\u00ed                    <\/div>\n                                    <\/div>\n\n                            <\/div>\n            <\/div>\n    <\/div>\t\t<\/div>\n\t\t\t\t<\/div>\n\t\t\t\t\t<\/div>\n\t\t<\/div>\n\t\t\t\t\t<\/div>\n\t\t<\/section>\n\t\t\t\t<section class=\"elementor-section elementor-top-section elementor-element elementor-element-7d30c80 elementor-section-boxed elementor-section-height-default elementor-section-height-default\" data-id=\"7d30c80\" data-element_type=\"section\">\n\t\t\t\t\t\t<div class=\"elementor-container elementor-column-gap-default\">\n\t\t\t\t\t<div class=\"elementor-column elementor-col-100 elementor-top-column elementor-element elementor-element-3294e57\" data-id=\"3294e57\" data-element_type=\"column\">\n\t\t\t<div class=\"elementor-widget-wrap elementor-element-populated\">\n\t\t\t\t\t\t<div class=\"elementor-element elementor-element-de3e658 elementor-widget elementor-widget-image\" data-id=\"de3e658\" data-element_type=\"widget\" data-widget_type=\"image.default\">\n\t\t\t\t<div class=\"elementor-widget-container\">\n\t\t\t<style>\/*! elementor - v3.23.0 - 05-08-2024 *\/\n.elementor-widget-image{text-align:center}.elementor-widget-image a{display:inline-block}.elementor-widget-image a img[src$=\".svg\"]{width:48px}.elementor-widget-image img{vertical-align:middle;display:inline-block}<\/style>\t\t\t\t\t\t\t\t\t\t<img decoding=\"async\" src=\"http:\/\/ligadosantorosario.com\/wp-content\/uploads\/adesivo_menino_jesus_10x14_corte.pdf\" title=\"\" alt=\"\" loading=\"lazy\" \/>\t\t\t\t\t\t\t\t\t\t\t\t\t<\/div>\n\t\t\t\t<\/div>\n\t\t\t\t\t<\/div>\n\t\t<\/div>\n\t\t\t\t\t<\/div>\n\t\t<\/section>\n\t\t\t\t<section class=\"elementor-section elementor-top-section elementor-element elementor-element-68036d3 elementor-section-boxed elementor-section-height-default elementor-section-height-default\" data-id=\"68036d3\" data-element_type=\"section\">\n\t\t\t\t\t\t<div class=\"elementor-container elementor-column-gap-default\">\n\t\t\t\t\t<div class=\"elementor-column elementor-col-100 elementor-top-column elementor-element elementor-element-6eb2005\" data-id=\"6eb2005\" data-element_type=\"column\">\n\t\t\t<div class=\"elementor-widget-wrap elementor-element-populated\">\n\t\t\t\t\t\t<div class=\"elementor-element elementor-element-7f85e45 elementor-widget elementor-widget-spacer\" data-id=\"7f85e45\" data-element_type=\"widget\" data-widget_type=\"spacer.default\">\n\t\t\t\t<div class=\"elementor-widget-container\">\n\t\t\t\t\t<div class=\"elementor-spacer\">\n\t\t\t<div class=\"elementor-spacer-inner\"><\/div>\n\t\t<\/div>\n\t\t\t\t<\/div>\n\t\t\t\t<\/div>\n\t\t\t\t\t<\/div>\n\t\t<\/div>\n\t\t\t\t\t<\/div>\n\t\t<\/section>\n\t\t\t\t<\/div>\n\t\t","protected":false},"excerpt":{"rendered":"<p>Com o intuito de desagravar o Sagrado Cora\u00e7\u00e3o de Jesus e Imaculado Cora\u00e7\u00e3o de Maria, promovemos campanhas ao longo do ano em que convidamos os cat\u00f3licos a participarem ativamente conosco. Ceia de natal dos Correspondentes em S\u00e3o Paulo Ceia de natal dos Correspondentes em Itu Simp\u00f3sios regionais Fotos dos simp\u00f3sios regionais em que a Liga do Santo Ros\u00e1rio se fez presente Simp\u00f3sios nacionais Fotos dos simp\u00f3sio nacionais no qual a Liga do Santo Ros\u00e1rio participou Fotos Fotos dos ter\u00e7os recitados em diversas cidades do Brasil. Fotos dia 13 de maio Fotos do ter\u00e7o p\u00fablico recitado no dia 13 de maio&#8230;<\/p>\n","protected":false},"author":1,"featured_media":0,"parent":0,"menu_order":0,"comment_status":"closed","ping_status":"closed","template":"","meta":{"jetpack_post_was_ever_published":false,"footnotes":""},"jetpack_sharing_enabled":true,"_links":{"self":[{"href":"https:\/\/ligadosantorosario.com\/index.php?rest_route=\/wp\/v2\/pages\/866"}],"collection":[{"href":"https:\/\/ligadosantorosario.com\/index.php?rest_route=\/wp\/v2\/pages"}],"about":[{"href":"https:\/\/ligadosantorosario.com\/index.php?rest_route=\/wp\/v2\/types\/page"}],"author":[{"embeddable":true,"href":"https:\/\/ligadosantorosario.com\/index.php?rest_route=\/wp\/v2\/users\/1"}],"replies":[{"embeddable":true,"href":"https:\/\/ligadosantorosario.com\/index.php?rest_route=%2Fwp%2Fv2%2Fcomments&post=866"}],"version-history":[{"count":57,"href":"https:\/\/ligadosantorosario.com\/index.php?rest_route=\/wp\/v2\/pages\/866\/revisions"}],"predecessor-version":[{"id":4133,"href":"https:\/\/ligadosantorosario.com\/index.php?rest_route=\/wp\/v2\/pages\/866\/revisions\/4133"}],"wp:attachment":[{"href":"https:\/\/ligadosantorosario.com\/index.php?rest_route=%2Fwp%2Fv2%2Fmedia&parent=866"}],"curies":[{"name":"wp","href":"https:\/\/api.w.org\/{rel}","templated":true}]}}