{"id":9548,"date":"2025-05-29T19:25:58","date_gmt":"2025-05-29T19:25:58","guid":{"rendered":"https:\/\/ligadosantorosario.com\/?page_id=9548"},"modified":"2025-05-29T19:38:37","modified_gmt":"2025-05-29T19:38:37","slug":"santo-antonio-maria-claret","status":"publish","type":"page","link":"https:\/\/ligadosantorosario.com\/?page_id=9548","title":{"rendered":"SANTO  ANTONIO  MARIA CLARET"},"content":{"rendered":"\t\t<div data-elementor-type=\"wp-page\" data-elementor-id=\"9548\" class=\"elementor elementor-9548\" data-elementor-post-type=\"page\">\n\t\t\t\t\t\t<section class=\"elementor-section elementor-top-section elementor-element elementor-element-b4e32aa elementor-section-boxed elementor-section-height-default elementor-section-height-default\" data-id=\"b4e32aa\" data-element_type=\"section\">\n\t\t\t\t\t\t<div class=\"elementor-container elementor-column-gap-default\">\n\t\t\t\t\t<div class=\"elementor-column elementor-col-100 elementor-top-column elementor-element elementor-element-1b5a626\" data-id=\"1b5a626\" data-element_type=\"column\">\n\t\t\t<div class=\"elementor-widget-wrap elementor-element-populated\">\n\t\t\t\t\t\t<div class=\"elementor-element elementor-element-736cc07 elementor-widget elementor-widget-text-editor\" data-id=\"736cc07\" data-element_type=\"widget\" data-widget_type=\"text-editor.default\">\n\t\t\t\t<div class=\"elementor-widget-container\">\n\t\t\t<style>\/*! elementor - v3.23.0 - 05-08-2024 *\/\n.elementor-widget-text-editor.elementor-drop-cap-view-stacked .elementor-drop-cap{background-color:#69727d;color:#fff}.elementor-widget-text-editor.elementor-drop-cap-view-framed .elementor-drop-cap{color:#69727d;border:3px solid;background-color:transparent}.elementor-widget-text-editor:not(.elementor-drop-cap-view-default) .elementor-drop-cap{margin-top:8px}.elementor-widget-text-editor:not(.elementor-drop-cap-view-default) .elementor-drop-cap-letter{width:1em;height:1em}.elementor-widget-text-editor .elementor-drop-cap{float:left;text-align:center;line-height:1;font-size:50px}.elementor-widget-text-editor .elementor-drop-cap-letter{display:inline-block}<\/style>\t\t\t\t<h4>\u00a0<\/h4><h5>Nasceu em\u00a0<a href=\"https:\/\/pt.wikipedia.org\/wiki\/Sallent\">Sallent<\/a>,\u00a0<a href=\"https:\/\/pt.wikipedia.org\/wiki\/Catalunha\">Catalunha<\/a>\u00a0(Espanha)<br \/><a href=\"https:\/\/pt.wikipedia.org\/wiki\/23_de_dezembro#Nascimentos\">23 de dezembro<\/a>\u00a0de\u00a0<a href=\"https:\/\/pt.wikipedia.org\/wiki\/1807\">1807<\/a>;<br \/>Ordenado sacerdote em 13 de junho de 1835;<br \/>Nomeado Arcebispo de Santiago de Cuba em 11 de agosto de 1849;<br \/>Sagrado Bispo em 6 de outubro de 1850;<br \/>Embarca em Barcelona para Santiago de Cuba em 2 de dezembro de 1850;<\/h5><h5>Em Cuba desenvolveu um profundo trabalho social e evangelizador. Reforma o clero. Prega miss\u00f5es em toda a arquidiocese, legaliza muitos matrim\u00f4nios irregulares. Instala Caixas Econ\u00f4micas (montepio) em todas as par\u00f3quias.\u00a0 D\u00e1 in\u00edcio \u00e0s obras da Casa da Caridade ou Granja Agr\u00edcola em Porto Pr\u00edncipe;<\/h5><h5>Fundador da ordem dos padres\u00a0<a href=\"https:\/\/pt.wikipedia.org\/wiki\/Claretianos\">Claretianos<\/a>, tamb\u00e9m conhecida como Congrega\u00e7\u00e3o dos Filhos do Imaculado Cora\u00e7\u00e3o de Maria (<em>Cordis Mariae Filius<\/em>\u00a0\u2013 C.M.F.) em\u00a0<a href=\"https:\/\/pt.wikipedia.org\/wiki\/1849\">1849<\/a><\/h5><h5><a href=\"https:\/\/pt.wikipedia.org\/wiki\/1849\"><br \/><\/a>Ap\u00f3s 7 anos de intenso apostolado em Cuba recebe ordem da Rainha Isabel II de Espanha, \u00a0chamando-o \u00a0para Madri em 18 de mar\u00e7o de 1857;<br \/>\u00c9 nomeado oficialmente confessor da Rainha em 5 de junho de 1857;<br \/>Na Igreja do Ros\u00e1rio de La Granja, recebe \u201ca grande gra\u00e7a\u201d da conserva\u00e7\u00e3o das esp\u00e9cies eucar\u00edsticas de uma comunh\u00e3o a outra, em 26 de agosto de 1861;<\/h5><h5>Consegue junto ao Beato Pio IX a aprova\u00e7\u00e3o da Congrega\u00e7\u00e3o Claretiana, dirige Santa Micaela do Sant\u00edssimo Sacramento, trabalha em favor de muitos institutos religiosos, inspira a lei do ensino em 1865. Nesse mesmo ano viaja com a rainha por toda Espanha pregando miss\u00f5es;<br \/>Atendendo ao chamado do Beato Pio IX vai a Roma ajudar nos preparativos do Conc\u00edlio Vaticano I em 30 de mar\u00e7o de 1869;<\/h5><h5>Assiste \u00e0 abertura do Conc\u00edlio Vaticano I em 8 de dezembro de 1869;<br \/>Pronuncia um inflamado discurso no Conc\u00edlio em defesa da infalibilidade Pontif\u00edcia em 30 de dezembro de 1869;<br \/>Tanto em Cuba, como na Espanha sofreu muitas cal\u00fanias.<\/h5><h5>Em Holguim, Cuba,\u00a0 chegou a sofrer um atentado contra sua vida.Onde foi gravemente ferido no rosto e no bra\u00e7o.<br \/><a href=\"https:\/\/pt.wikipedia.org\/wiki\/Abadia_de_Fontfroide\">Faleceu \u00a0\u00a0na Abadia de Fontfroide<\/a>,\u00a0<a href=\"https:\/\/pt.wikipedia.org\/wiki\/Narbona\">Narbona<br \/><\/a><a href=\"https:\/\/pt.wikipedia.org\/wiki\/24_de_outubro\">24 de outubro<\/a>\u00a0de\u00a0<a href=\"https:\/\/pt.wikipedia.org\/wiki\/1870\">1870<\/a>\u00a0(62\u00a0anos)<br \/><strong>\u00a0<br \/><\/strong><strong>Santo Ant\u00f4nio Maria Claret escreveu 144 livros. Suas obras impressas somam mais de 100. Inclusive o Catecismo explicado com l\u00e2minas, editado em 1870.<br \/><\/strong><strong>Pessoalmente at\u00e9 1847 dedica-se \u00e0s MISS\u00d5ES POPULARES por toda a Catalunha (Espanha).<\/strong><\/h5>\t\t\t\t\t\t<\/div>\n\t\t\t\t<\/div>\n\t\t\t\t\t<\/div>\n\t\t<\/div>\n\t\t\t\t\t<\/div>\n\t\t<\/section>\n\t\t\t\t<\/div>\n\t\t","protected":false},"excerpt":{"rendered":"<p>\u00a0 Nasceu em\u00a0Sallent,\u00a0Catalunha\u00a0(Espanha)23 de dezembro\u00a0de\u00a01807;Ordenado sacerdote em 13 de junho de 1835;Nomeado Arcebispo de Santiago de Cuba em 11 de agosto de 1849;Sagrado Bispo em 6 de outubro de 1850;Embarca em Barcelona para Santiago de Cuba em 2 de dezembro de 1850; Em Cuba desenvolveu um profundo trabalho social e evangelizador. Reforma o clero. Prega miss\u00f5es em toda a arquidiocese, legaliza muitos matrim\u00f4nios irregulares. Instala Caixas Econ\u00f4micas (montepio) em todas as par\u00f3quias.\u00a0 D\u00e1 in\u00edcio \u00e0s obras da Casa da Caridade ou Granja Agr\u00edcola em Porto Pr\u00edncipe; Fundador da ordem dos padres\u00a0Claretianos, tamb\u00e9m conhecida como Congrega\u00e7\u00e3o dos Filhos do Imaculado Cora\u00e7\u00e3o&#8230;<\/p>\n","protected":false},"author":1,"featured_media":0,"parent":0,"menu_order":0,"comment_status":"closed","ping_status":"closed","template":"","meta":{"jetpack_post_was_ever_published":false,"footnotes":""},"jetpack_sharing_enabled":true,"_links":{"self":[{"href":"https:\/\/ligadosantorosario.com\/index.php?rest_route=\/wp\/v2\/pages\/9548"}],"collection":[{"href":"https:\/\/ligadosantorosario.com\/index.php?rest_route=\/wp\/v2\/pages"}],"about":[{"href":"https:\/\/ligadosantorosario.com\/index.php?rest_route=\/wp\/v2\/types\/page"}],"author":[{"embeddable":true,"href":"https:\/\/ligadosantorosario.com\/index.php?rest_route=\/wp\/v2\/users\/1"}],"replies":[{"embeddable":true,"href":"https:\/\/ligadosantorosario.com\/index.php?rest_route=%2Fwp%2Fv2%2Fcomments&post=9548"}],"version-history":[{"count":10,"href":"https:\/\/ligadosantorosario.com\/index.php?rest_route=\/wp\/v2\/pages\/9548\/revisions"}],"predecessor-version":[{"id":9572,"href":"https:\/\/ligadosantorosario.com\/index.php?rest_route=\/wp\/v2\/pages\/9548\/revisions\/9572"}],"wp:attachment":[{"href":"https:\/\/ligadosantorosario.com\/index.php?rest_route=%2Fwp%2Fv2%2Fmedia&parent=9548"}],"curies":[{"name":"wp","href":"https:\/\/api.w.org\/{rel}","templated":true}]}}