{"id":9556,"date":"2025-05-29T19:30:08","date_gmt":"2025-05-29T19:30:08","guid":{"rendered":"https:\/\/ligadosantorosario.com\/?page_id=9556"},"modified":"2025-05-29T19:37:13","modified_gmt":"2025-05-29T19:37:13","slug":"papa-sao-pio-x","status":"publish","type":"page","link":"https:\/\/ligadosantorosario.com\/?page_id=9556","title":{"rendered":"PAPA  S\u00c3O  PIO  X"},"content":{"rendered":"\t\t<div data-elementor-type=\"wp-page\" data-elementor-id=\"9556\" class=\"elementor elementor-9556\" data-elementor-post-type=\"page\">\n\t\t\t\t\t\t<section class=\"elementor-section elementor-top-section elementor-element elementor-element-5ded30e elementor-section-boxed elementor-section-height-default elementor-section-height-default\" data-id=\"5ded30e\" data-element_type=\"section\">\n\t\t\t\t\t\t<div class=\"elementor-container elementor-column-gap-default\">\n\t\t\t\t\t<div class=\"elementor-column elementor-col-100 elementor-top-column elementor-element elementor-element-88614ff\" data-id=\"88614ff\" data-element_type=\"column\">\n\t\t\t<div class=\"elementor-widget-wrap elementor-element-populated\">\n\t\t\t\t\t\t<div class=\"elementor-element elementor-element-54f916b elementor-widget elementor-widget-text-editor\" data-id=\"54f916b\" data-element_type=\"widget\" data-widget_type=\"text-editor.default\">\n\t\t\t\t<div class=\"elementor-widget-container\">\n\t\t\t<style>\/*! elementor - v3.23.0 - 05-08-2024 *\/\n.elementor-widget-text-editor.elementor-drop-cap-view-stacked .elementor-drop-cap{background-color:#69727d;color:#fff}.elementor-widget-text-editor.elementor-drop-cap-view-framed .elementor-drop-cap{color:#69727d;border:3px solid;background-color:transparent}.elementor-widget-text-editor:not(.elementor-drop-cap-view-default) .elementor-drop-cap{margin-top:8px}.elementor-widget-text-editor:not(.elementor-drop-cap-view-default) .elementor-drop-cap-letter{width:1em;height:1em}.elementor-widget-text-editor .elementor-drop-cap{float:left;text-align:center;line-height:1;font-size:50px}.elementor-widget-text-editor .elementor-drop-cap-letter{display:inline-block}<\/style>\t\t\t\t<h4><strong>\u00a0\u00a0<\/strong><\/h4><p><strong>Pio X<\/strong>\u00a0ou\u00a0<strong>S\u00e3o Pio X<\/strong>\u00a0<em>(em\u00a0<\/em><a href=\"https:\/\/pt.wikipedia.org\/wiki\/L%C3%ADngua_italiana\"><em>italiano<\/em><\/a><em>:\u00a0<\/em>Pio X<em>,\u00a0<\/em><a href=\"https:\/\/pt.wikipedia.org\/wiki\/Latim_eclesi%C3%A1stico\"><em>latim eclesi\u00e1stico<\/em><\/a><em>:\u00a0<\/em>Pius PP. X<em>)<\/em>,\u00a0<a href=\"https:\/\/pt.wikipedia.org\/wiki\/Ordem_Franciscana_Secular\">O.F.S.<\/a>, nascido\u00a0<strong>Giuseppe Melchiorre Sarto<\/strong>; (<a href=\"https:\/\/pt.wikipedia.org\/wiki\/Riese_Pio_X\">Riese<\/a>\u00a0(Treviso),\u00a0<a href=\"https:\/\/pt.wikipedia.org\/wiki\/2_de_junho\">2 de junho<\/a>\u00a0de\u00a0<a href=\"https:\/\/pt.wikipedia.org\/wiki\/1835\">1835<\/a>\u00a0\u2013\u00a0<a href=\"https:\/\/pt.wikipedia.org\/wiki\/Roma\">Roma<\/a>,\u00a0<a href=\"https:\/\/pt.wikipedia.org\/wiki\/20_de_agosto\">20 de agosto<\/a>\u00a0de\u00a0<a href=\"https:\/\/pt.wikipedia.org\/wiki\/1914\">1914<\/a>), foi o 257.\u00ba\u00a0<a href=\"https:\/\/pt.wikipedia.org\/wiki\/Papa\">Papa<\/a>\u00a0da\u00a0<a href=\"https:\/\/pt.wikipedia.org\/wiki\/Igreja_Cat%C3%B3lica\">Igreja Cat\u00f3lica<\/a>\u00a0e\u00a0<a href=\"https:\/\/pt.wikipedia.org\/wiki\/Diocese_de_Roma\">Bispo de Roma<\/a>. O seu pontificado decorreu de\u00a0<a href=\"https:\/\/pt.wikipedia.org\/wiki\/4_de_agosto\">4 de agosto<\/a>\u00a0de\u00a0<a href=\"https:\/\/pt.wikipedia.org\/wiki\/1903\">1903<\/a>\u00a0at\u00e9 a data da sua morte. Ficou conhecido como o \u201cPapa da\u00a0<a href=\"https:\/\/pt.wikipedia.org\/wiki\/Eucaristia\">Eucaristia<\/a>\u201d e foi o primeiro Papa a ser canonizado desde\u00a0<a href=\"https:\/\/pt.wikipedia.org\/wiki\/Papa_Pio_V\">Pio V<\/a>\u00a0(1566\u20131572).<\/p><p>Foi\u00a0 ordenado di\u00e1cono em 27 de fevereiro de 1858;<\/p><p>Foi\u00a0 ordenado sacerdote em 18 de setembro de 1858;<\/p><p>Foi\u00a0 nomeado bispo de M\u00c2NTUA em 10 de novembro de 1884;<\/p><p>Foi\u00a0 sagrado bispo em\u00a0<a href=\"https:\/\/pt.wikipedia.org\/wiki\/16_de_novembro\">16 de novembro<\/a>\u00a0de\u00a0<a href=\"https:\/\/pt.wikipedia.org\/wiki\/1884\">1884<\/a>;<\/p><p>Foi\u00a0 nomeado Patriarca de Veneza em\u00a0<a href=\"https:\/\/pt.wikipedia.org\/wiki\/12_de_junho\">12 de junho<\/a>\u00a0de\u00a0<a href=\"https:\/\/pt.wikipedia.org\/wiki\/1893\">1893<\/a>\u00a0\u2013\u00a0<a href=\"https:\/\/pt.wikipedia.org\/wiki\/Cardeal-presb%C3%ADtero\">Cardeal-presb\u00edtero<\/a>;<\/p><p>Foi eleito PAPA\u00a0 em\u00a0<a href=\"https:\/\/pt.wikipedia.org\/wiki\/4_de_agosto\">4 de agosto<\/a>\u00a0de\u00a0<a href=\"https:\/\/pt.wikipedia.org\/wiki\/1903\">1903<\/a>;<\/p><p>Entronizado como\u00a0 PAPA em\u00a0\u00a0<a href=\"https:\/\/pt.wikipedia.org\/wiki\/9_de_agosto\">9 de agosto<\/a>\u00a0de\u00a0<a href=\"https:\/\/pt.wikipedia.org\/wiki\/1903\">1903<\/a>;<\/p><p>Fim de Pontificado em\u00a0<a href=\"https:\/\/pt.wikipedia.org\/wiki\/20_de_agosto\">20 de agosto<\/a>\u00a0de\u00a0<a href=\"https:\/\/pt.wikipedia.org\/wiki\/1914\">1914<\/a><br \/>(11\u00a0anos, 16\u00a0dias).<\/p><p>O\u00a0<strong>Catecismo da Doutrina Crist\u00e3 ou Comp\u00eandio da Doutrina Crist\u00e3<\/strong>, mais conhecido como\u00a0<strong>Catecismo de S\u00e3o Pio X<\/strong>, pode se referir tanto a um catecismo publicado em 1905 para ser usado na diocese de Roma na \u00e9poca do pontificado do\u00a0<a href=\"https:\/\/pt.wikipedia.org\/wiki\/Papa_Pio_X\">Papa S\u00e3o Pio X<\/a>, como ao catecismo que o sucedeu em 1912; ambos com o objetivo de popularizar o ensino do catecismo na\u00a0<a href=\"https:\/\/pt.wikipedia.org\/wiki\/Igreja_Cat%C3%B3lica\">Igreja Cat\u00f3lica<\/a>\u00a0e tornar os cat\u00f3licos mais informados e conhecedores da\u00a0<a href=\"https:\/\/pt.wikipedia.org\/wiki\/Doutrina_da_Igreja_Cat%C3%B3lica\">sua f\u00e9 e doutrina<\/a>. Estes catecismos tinham tamb\u00e9m a fun\u00e7\u00e3o de resumir o\u00a0<a href=\"https:\/\/pt.wikipedia.org\/wiki\/Catecismo_Romano\">Catecismo Romano<\/a>, que foi um produto importante do\u00a0<a href=\"https:\/\/pt.wikipedia.org\/wiki\/Conc%C3%ADlio_de_Trento\">Conc\u00edlio de Trento<\/a>.<\/p><p>\u00a0Como padre e, posteriormente, bispo, muitas vezes se esfor\u00e7ou para levar instru\u00e7\u00e3o religiosa a jovens rurais e urbanos que n\u00e3o podiam frequentar escolas cat\u00f3licas.<\/p><p>Ele desenvolveu uma reputa\u00e7\u00e3o de ser muito amig\u00e1vel com crian\u00e7as. Ele carregava doces em seus bolsos para os meninos de rua em M\u00e2ntua e Veneza, e lhes ensinava\u00a0<a href=\"https:\/\/en.wikipedia.org\/wiki\/Catechism\">catecismo<\/a>\u00a0.<\/p><p>Durante as audi\u00eancias papais, ele reunia as crian\u00e7as ao seu redor e conversava sobre coisas que as interessavam. Suas aulas semanais de catecismo no p\u00e1tio de S\u00e3o D\u00e2maso, no Vaticano, sempre inclu\u00edam um lugar especial para crian\u00e7as, e sua decis\u00e3o de exigir a\u00a0<a href=\"https:\/\/en.wikipedia.org\/wiki\/Confraternity_of_Christian_Doctrine\">Confraria da Doutrina Crist\u00e3<\/a>\u00a0em cada par\u00f3quia foi parcialmente motivada pelo desejo de salvar as crian\u00e7as da ignor\u00e2ncia religiosa.<\/p><p>\u00a0<\/p><h3>Escreveu 16 Enc\u00edclicas<\/h3><h6>\u00b7\u00a0\u00a0\u00a0\u00a0\u00a0\u00a0\u00a0\u00a0 Singulari quadam (24 de setembro de 1912)<\/h6><h6>\u00b7\u00a0\u00a0\u00a0\u00a0\u00a0\u00a0\u00a0\u00a0 Lacrimabili Statu (7 de junho de 1912)<\/h6><h6>\u00a0 \u00a0 \u00a0 \u00a0 \u00a0 Iandudum ( 24 de amio de 1911)<\/h6><h2><span style=\"color: inherit; font-family: inherit; font-size: 1rem;\">\u00b7\u00a0\u00a0\u00a0\u00a0\u00a0\u00a0\u00a0\u00a0 Editae Saepe (26 de maio de 1910)<\/span><\/h2><h6>\u00b7\u00a0\u00a0\u00a0\u00a0\u00a0\u00a0\u00a0\u00a0 Communium Rerum (21 de abril de 1909)<\/h6><h6>\u00b7\u00a0\u00a0\u00a0\u00a0\u00a0\u00a0\u00a0\u00a0\u00a0<a href=\"https:\/\/www.vatican.va\/content\/pius-x\/pt\/encyclicals\/documents\/hf_p-x_enc_19070908_pascendi-dominici-gregis.html\">Pascendi Dominici Gregis: sobre as doutrinas modernas (8 de setembro de 1907)<\/a><\/h6><h6>\u00b7\u00a0\u00a0\u00a0\u00a0\u00a0\u00a0\u00a0\u00a0 Une Fois Encore (6 de janeiro de 1907)<\/h6><h6>\u00b7\u00a0\u00a0\u00a0\u00a0\u00a0\u00a0\u00a0\u00a0 Gravissimo Officii Munere (10 de agosto de 1906)<\/h6><h6>\u00b7\u00a0\u00a0\u00a0\u00a0\u00a0\u00a0\u00a0\u00a0 Pieni L\u2019Animo (28 de julho de 1906)<\/h6><h6>\u00b7\u00a0\u00a0\u00a0\u00a0\u00a0\u00a0\u00a0\u00a0 Tribus Circiter (5 de abril de 1906)<\/h6><h6>\u00b7\u00a0\u00a0\u00a0\u00a0\u00a0\u00a0\u00a0\u00a0 Vehementer Nos (11 de fevereiro de 1906)<\/h6><h6>\u00b7\u00a0\u00a0\u00a0\u00a0\u00a0\u00a0\u00a0\u00a0 Il Fermo Proposito (11 de junho de 1905)<\/h6><h6>\u00b7\u00a0\u00a0\u00a0\u00a0\u00a0\u00a0\u00a0\u00a0 Acerbo Nimis (15 de abril de 1905)<\/h6><h6>\u00b7\u00a0\u00a0\u00a0\u00a0\u00a0\u00a0\u00a0\u00a0 Iucunda Sane (12 de mar\u00e7o de 1904)<\/h6><h6>\u00b7\u00a0\u00a0\u00a0\u00a0\u00a0\u00a0\u00a0\u00a0 Ad Diem Illum Laetissimum (2 de fevereiro de 1904)<\/h6><h6>\u00b7\u00a0\u00a0\u00a0\u00a0\u00a0\u00a0\u00a0\u00a0 E Supremi (4 de outubro de 1903)<\/h6>\t\t\t\t\t\t<\/div>\n\t\t\t\t<\/div>\n\t\t\t\t\t<\/div>\n\t\t<\/div>\n\t\t\t\t\t<\/div>\n\t\t<\/section>\n\t\t\t\t<\/div>\n\t\t","protected":false},"excerpt":{"rendered":"<p>\u00a0\u00a0 Pio X\u00a0ou\u00a0S\u00e3o Pio X\u00a0(em\u00a0italiano:\u00a0Pio X,\u00a0latim eclesi\u00e1stico:\u00a0Pius PP. X),\u00a0O.F.S., nascido\u00a0Giuseppe Melchiorre Sarto; (Riese\u00a0(Treviso),\u00a02 de junho\u00a0de\u00a01835\u00a0\u2013\u00a0Roma,\u00a020 de agosto\u00a0de\u00a01914), foi o 257.\u00ba\u00a0Papa\u00a0da\u00a0Igreja Cat\u00f3lica\u00a0e\u00a0Bispo de Roma. O seu pontificado decorreu de\u00a04 de agosto\u00a0de\u00a01903\u00a0at\u00e9 a data da sua morte. Ficou conhecido como o \u201cPapa da\u00a0Eucaristia\u201d e foi o primeiro Papa a ser canonizado desde\u00a0Pio V\u00a0(1566\u20131572). Foi\u00a0 ordenado di\u00e1cono em 27 de fevereiro de 1858; Foi\u00a0 ordenado sacerdote em 18 de setembro de 1858; Foi\u00a0 nomeado bispo de M\u00c2NTUA em 10 de novembro de 1884; Foi\u00a0 sagrado bispo em\u00a016 de novembro\u00a0de\u00a01884; Foi\u00a0 nomeado Patriarca de Veneza em\u00a012 de junho\u00a0de\u00a01893\u00a0\u2013\u00a0Cardeal-presb\u00edtero; Foi eleito PAPA\u00a0 em\u00a04 de agosto\u00a0de\u00a01903;&#8230;<\/p>\n","protected":false},"author":1,"featured_media":0,"parent":0,"menu_order":0,"comment_status":"closed","ping_status":"closed","template":"","meta":{"jetpack_post_was_ever_published":false,"footnotes":""},"jetpack_sharing_enabled":true,"_links":{"self":[{"href":"https:\/\/ligadosantorosario.com\/index.php?rest_route=\/wp\/v2\/pages\/9556"}],"collection":[{"href":"https:\/\/ligadosantorosario.com\/index.php?rest_route=\/wp\/v2\/pages"}],"about":[{"href":"https:\/\/ligadosantorosario.com\/index.php?rest_route=\/wp\/v2\/types\/page"}],"author":[{"embeddable":true,"href":"https:\/\/ligadosantorosario.com\/index.php?rest_route=\/wp\/v2\/users\/1"}],"replies":[{"embeddable":true,"href":"https:\/\/ligadosantorosario.com\/index.php?rest_route=%2Fwp%2Fv2%2Fcomments&post=9556"}],"version-history":[{"count":13,"href":"https:\/\/ligadosantorosario.com\/index.php?rest_route=\/wp\/v2\/pages\/9556\/revisions"}],"predecessor-version":[{"id":9569,"href":"https:\/\/ligadosantorosario.com\/index.php?rest_route=\/wp\/v2\/pages\/9556\/revisions\/9569"}],"wp:attachment":[{"href":"https:\/\/ligadosantorosario.com\/index.php?rest_route=%2Fwp%2Fv2%2Fmedia&parent=9556"}],"curies":[{"name":"wp","href":"https:\/\/api.w.org\/{rel}","templated":true}]}}